{"id":233,"date":"2023-12-07T17:40:12","date_gmt":"2023-12-07T16:40:12","guid":{"rendered":"https:\/\/ceofrance-international.com\/?page_id=233"},"modified":"2026-01-11T01:05:35","modified_gmt":"2026-01-11T00:05:35","slug":"video","status":"publish","type":"page","link":"https:\/\/ceofrance-international.com\/index.php\/video\/","title":{"rendered":"Regards crois\u00e9s, interviews, avis et Documentaires"},"content":{"rendered":"\n<p><strong><em>Dans une d\u00e9marche ouverte mais rigoureuse, CEO France-International consid\u00e8re qu\u2019il est essentiel d\u2019\u00e9couter toutes les formes de recherches et de t\u00e9moignages, d\u00e8s lors qu\u2019elles contribuent \u00e0 nourrir la r\u00e9flexion, \u00e0 interroger nos certitudes et \u00e0 \u00e9largir le champ des possibles, sans confusion avec les enqu\u00eates que nous continuons de d\u00e9fendre et de pratiquer.<\/em><\/strong><\/p>\n\n\n\n<p><strong><em>Les vid\u00e9os pr\u00e9sent\u00e9es ci-dessous s\u2019inscrivent dans cette logique d\u2019exploration plurielle. Elles font \u00e9cho \u00e0 d\u2019autres travaux majeurs de l\u2019ufologie contemporaine :<br><br>\u2013 des recherches sur les abductions et RR4,<br>\u2013 des enqu\u00eates men\u00e9es en France et aux \u00c9tats-Unis,<br>\u2013 des t\u00e9moignages de civils, de chercheurs et de scientifiques,<br>\u2013 et des questionnements persistants sur la dissimulation <br>   d\u2019informations depuis plusieurs d\u00e9cennies.<\/em><\/strong><\/p>\n\n\n\n<div class=\"wp-block-columns is-layout-flex wp-container-core-columns-is-layout-28f84493 wp-block-columns-is-layout-flex\">\n<div class=\"wp-block-column is-layout-flow wp-block-column-is-layout-flow\">\n<figure class=\"wp-block-embed is-type-video is-provider-youtube wp-block-embed-youtube wp-embed-aspect-16-9 wp-has-aspect-ratio\"><div class=\"wp-block-embed__wrapper\">\n<iframe title=\"Entretien avec l&#039;Assiociation CEO FRANCE avec Yvan Poirier 21-11-2017\" width=\"500\" height=\"281\" src=\"https:\/\/www.youtube.com\/embed\/z52rF2WxAjk?feature=oembed\" frameborder=\"0\" allow=\"accelerometer; autoplay; clipboard-write; encrypted-media; gyroscope; picture-in-picture; web-share\" referrerpolicy=\"strict-origin-when-cross-origin\" allowfullscreen><\/iframe>\n<\/div><\/figure>\n<\/div>\n\n\n\n<div class=\"wp-block-column is-layout-flow wp-block-column-is-layout-flow\">\n<figure class=\"wp-block-embed is-type-video is-provider-youtube wp-block-embed-youtube wp-embed-aspect-4-3 wp-has-aspect-ratio\"><div class=\"wp-block-embed__wrapper\">\n<iframe title=\"O.V.N.I.- E.B.E. L&#039;invasion \u00e0 commenc\u00e9\" width=\"500\" height=\"375\" src=\"https:\/\/www.youtube.com\/embed\/v1OHGFTnl3E?feature=oembed\" frameborder=\"0\" allow=\"accelerometer; autoplay; clipboard-write; encrypted-media; gyroscope; picture-in-picture; web-share\" referrerpolicy=\"strict-origin-when-cross-origin\" allowfullscreen><\/iframe>\n<\/div><\/figure>\n<\/div>\n\n\n\n<div class=\"wp-block-column is-layout-flow wp-block-column-is-layout-flow\">\n<figure class=\"wp-block-embed is-type-video is-provider-youtube wp-block-embed-youtube wp-embed-aspect-16-9 wp-has-aspect-ratio\"><div class=\"wp-block-embed__wrapper\">\n<iframe title=\"De Tau Ceti \u00e0 l&#039;\u00e9tude des RR4 par Genevi\u00e8ve Vanquelef\" width=\"500\" height=\"281\" src=\"https:\/\/www.youtube.com\/embed\/tbkKKItXh94?feature=oembed\" frameborder=\"0\" allow=\"accelerometer; autoplay; clipboard-write; encrypted-media; gyroscope; picture-in-picture; web-share\" referrerpolicy=\"strict-origin-when-cross-origin\" allowfullscreen><\/iframe>\n<\/div><\/figure>\n<\/div>\n<\/div>\n\n\n\n<div class=\"wp-block-columns is-layout-flex wp-container-core-columns-is-layout-28f84493 wp-block-columns-is-layout-flex\">\n<div class=\"wp-block-column is-layout-flow wp-block-column-is-layout-flow\">\n<p><strong><em>Yvan Poirier \/ conf\u00e9rencier et chercheur ind\u00e9pendant sur la conscience et la m\u00e9tacognition<\/em><\/strong><\/p>\n<\/div>\n\n\n\n<div class=\"wp-block-column is-layout-flow wp-block-column-is-layout-flow\">\n<p><strong><em>OVNI &amp; E.B.E. \/ lumi\u00e8res, traces et entit\u00e9s &#8211; une enqu\u00eate internationale questionnant le silence des autorit\u00e9s depuis 1945.<\/em><\/strong><\/p>\n<\/div>\n\n\n\n<div class=\"wp-block-column is-layout-flow wp-block-column-is-layout-flow\">\n<p><strong><em>Genevi\u00e8ve Vanquelef\/ autrice et chercheuse ind\u00e9pendante en ufologie, des travaux de Tau Ceti aux \u00e9tudes sur les RR4.<\/em><\/strong><\/p>\n<\/div>\n<\/div>\n\n\n\n<h2 class=\"wp-block-heading\"><strong><em>Les Documentaires de Jimmy Guieu<\/em><\/strong><\/h2>\n\n\n\n<p><strong><em>Jimmy Guieu (1926\u20132000) fut \u00e9crivain, essayiste et r\u00e9alisateur fran\u00e7ais. Figure majeure de l\u2019ufologie francophone, il a consacr\u00e9 une grande partie de son \u0153uvre \u00e0 l\u2019\u00e9tude des OVNI, des civilisations non humaines et des zones d\u2019ombre de l\u2019histoire contemporaine, \u00e0 travers livres, conf\u00e9rences et documentaires devenus embl\u00e9matiques.<\/em><\/strong><\/p>\n\n\n\n<div class=\"wp-block-columns is-layout-flex wp-container-core-columns-is-layout-28f84493 wp-block-columns-is-layout-flex\">\n<div class=\"wp-block-column is-layout-flow wp-block-column-is-layout-flow\">\n<figure class=\"wp-block-embed is-type-video is-provider-youtube wp-block-embed-youtube wp-embed-aspect-4-3 wp-has-aspect-ratio\"><div class=\"wp-block-embed__wrapper\">\n<iframe title=\"LES GOUVERNANTS SECRETS 1\" width=\"500\" height=\"375\" src=\"https:\/\/www.youtube.com\/embed\/Kkl2odNW70c?list=PLRdhkkrRLLz_v8EAPTJY5Ix5xMhtaJAL1\" frameborder=\"0\" allow=\"accelerometer; autoplay; clipboard-write; encrypted-media; gyroscope; picture-in-picture; web-share\" referrerpolicy=\"strict-origin-when-cross-origin\" allowfullscreen><\/iframe>\n<\/div><\/figure>\n<\/div>\n\n\n\n<div class=\"wp-block-column is-layout-flow wp-block-column-is-layout-flow\">\n<figure class=\"wp-block-embed is-type-video is-provider-youtube wp-block-embed-youtube wp-embed-aspect-4-3 wp-has-aspect-ratio\"><div class=\"wp-block-embed__wrapper\">\n<iframe title=\"LES GOUVERNANTS SECRETS 2   Nos ma\u00eetres les extra terrestres\" width=\"500\" height=\"375\" src=\"https:\/\/www.youtube.com\/embed\/80jm7FKiXT0?list=PLRdhkkrRLLz_v8EAPTJY5Ix5xMhtaJAL1\" frameborder=\"0\" allow=\"accelerometer; autoplay; clipboard-write; encrypted-media; gyroscope; picture-in-picture; web-share\" referrerpolicy=\"strict-origin-when-cross-origin\" allowfullscreen><\/iframe>\n<\/div><\/figure>\n<\/div>\n\n\n\n<div class=\"wp-block-column is-layout-flow wp-block-column-is-layout-flow\">\n<figure class=\"wp-block-embed is-type-video is-provider-youtube wp-block-embed-youtube wp-embed-aspect-4-3 wp-has-aspect-ratio\"><div class=\"wp-block-embed__wrapper\">\n<iframe title=\"LES GOUVERNANTS SECRETS 3  Extra terrestres les ambassadeurs\" width=\"500\" height=\"375\" src=\"https:\/\/www.youtube.com\/embed\/7uegEqmIYk8?list=PLRdhkkrRLLz_v8EAPTJY5Ix5xMhtaJAL1\" frameborder=\"0\" allow=\"accelerometer; autoplay; clipboard-write; encrypted-media; gyroscope; picture-in-picture; web-share\" referrerpolicy=\"strict-origin-when-cross-origin\" allowfullscreen><\/iframe>\n<\/div><\/figure>\n<\/div>\n<\/div>\n\n\n\n<div class=\"wp-block-columns is-layout-flex wp-container-core-columns-is-layout-28f84493 wp-block-columns-is-layout-flex\">\n<div class=\"wp-block-column is-layout-flow wp-block-column-is-layout-flow\">\n<p><strong><em>Les gouvernants secrets<\/em><\/strong><\/p>\n<\/div>\n\n\n\n<div class=\"wp-block-column is-layout-flow wp-block-column-is-layout-flow\">\n<p><strong><em>&nbsp;Nos ma\u00eetres les extra terrestres<\/em><\/strong><\/p>\n<\/div>\n\n\n\n<div class=\"wp-block-column is-layout-flow wp-block-column-is-layout-flow\">\n<p><strong><em>Extra terrestres les ambassadeurs<\/em><\/strong><\/p>\n<\/div>\n<\/div>\n\n\n\n<div class=\"wp-block-columns is-layout-flex wp-container-core-columns-is-layout-28f84493 wp-block-columns-is-layout-flex\">\n<div class=\"wp-block-column is-layout-flow wp-block-column-is-layout-flow\">\n<figure class=\"wp-block-embed is-type-video is-provider-youtube wp-block-embed-youtube wp-embed-aspect-4-3 wp-has-aspect-ratio\"><div class=\"wp-block-embed__wrapper\">\n<iframe title=\"OVNI-USA nouvelles r\u00e9v\u00e9lations\" width=\"500\" height=\"375\" src=\"https:\/\/www.youtube.com\/embed\/tC8Z3cS_Thc?list=PLRdhkkrRLLz_v8EAPTJY5Ix5xMhtaJAL1\" frameborder=\"0\" allow=\"accelerometer; autoplay; clipboard-write; encrypted-media; gyroscope; picture-in-picture; web-share\" referrerpolicy=\"strict-origin-when-cross-origin\" allowfullscreen><\/iframe>\n<\/div><\/figure>\n<\/div>\n\n\n\n<div class=\"wp-block-column is-layout-flow wp-block-column-is-layout-flow\">\n<figure class=\"wp-block-embed is-type-video is-provider-youtube wp-block-embed-youtube wp-embed-aspect-4-3 wp-has-aspect-ratio\"><div class=\"wp-block-embed__wrapper\">\n<iframe title=\"LES VORTEX Les dimensions cach\u00e9es\" width=\"500\" height=\"375\" src=\"https:\/\/www.youtube.com\/embed\/NYAE6Ybozj4?list=PLRdhkkrRLLz_v8EAPTJY5Ix5xMhtaJAL1\" frameborder=\"0\" allow=\"accelerometer; autoplay; clipboard-write; encrypted-media; gyroscope; picture-in-picture; web-share\" referrerpolicy=\"strict-origin-when-cross-origin\" allowfullscreen><\/iframe>\n<\/div><\/figure>\n<\/div>\n\n\n\n<div class=\"wp-block-column is-layout-flow wp-block-column-is-layout-flow\">\n<figure class=\"wp-block-embed is-type-video is-provider-youtube wp-block-embed-youtube wp-embed-aspect-4-3 wp-has-aspect-ratio\"><div class=\"wp-block-embed__wrapper\">\n<iframe title=\"THEOPOLIS la cit\u00e9e oubli\u00e9e\" width=\"500\" height=\"375\" src=\"https:\/\/www.youtube.com\/embed\/fZqPv1AWTRQ?list=PLRdhkkrRLLz_v8EAPTJY5Ix5xMhtaJAL1\" frameborder=\"0\" allow=\"accelerometer; autoplay; clipboard-write; encrypted-media; gyroscope; picture-in-picture; web-share\" referrerpolicy=\"strict-origin-when-cross-origin\" allowfullscreen><\/iframe>\n<\/div><\/figure>\n<\/div>\n<\/div>\n\n\n\n<div class=\"wp-block-columns is-layout-flex wp-container-core-columns-is-layout-28f84493 wp-block-columns-is-layout-flex\">\n<div class=\"wp-block-column is-layout-flow wp-block-column-is-layout-flow\">\n<p><br><strong>OVNI-USA nouvelles r\u00e9v\u00e9lations<\/strong><\/p>\n<\/div>\n\n\n\n<div class=\"wp-block-column is-layout-flow wp-block-column-is-layout-flow\">\n<p><br><strong>LES VORTEX Les dimensions cach\u00e9es<\/strong><\/p>\n<\/div>\n\n\n\n<div class=\"wp-block-column is-layout-flow wp-block-column-is-layout-flow\">\n<p><br><strong>THEOPOLIS la cit\u00e9e oubli\u00e9e<\/strong><\/p>\n<\/div>\n<\/div>\n\n\n\n<div class=\"wp-block-columns is-layout-flex wp-container-core-columns-is-layout-28f84493 wp-block-columns-is-layout-flex\">\n<div class=\"wp-block-column is-layout-flow wp-block-column-is-layout-flow\"><\/div>\n\n\n\n<div class=\"wp-block-column is-layout-flow wp-block-column-is-layout-flow\">\n<figure class=\"wp-block-embed is-type-video is-provider-youtube wp-block-embed-youtube wp-embed-aspect-4-3 wp-has-aspect-ratio\"><div class=\"wp-block-embed__wrapper\">\n<iframe title=\"OVNI EN FRANCE Les v\u00e9rit\u00e9s cach\u00e9es\" width=\"500\" height=\"375\" src=\"https:\/\/www.youtube.com\/embed\/ND1neNW36Kc?list=PLRdhkkrRLLz_v8EAPTJY5Ix5xMhtaJAL1\" frameborder=\"0\" allow=\"accelerometer; autoplay; clipboard-write; encrypted-media; gyroscope; picture-in-picture; web-share\" referrerpolicy=\"strict-origin-when-cross-origin\" allowfullscreen><\/iframe>\n<\/div><\/figure>\n<\/div>\n\n\n\n<div class=\"wp-block-column is-layout-flow wp-block-column-is-layout-flow\"><\/div>\n<\/div>\n\n\n\n<div class=\"wp-block-columns is-layout-flex wp-container-core-columns-is-layout-28f84493 wp-block-columns-is-layout-flex\">\n<div class=\"wp-block-column is-layout-flow wp-block-column-is-layout-flow\"><\/div>\n\n\n\n<div class=\"wp-block-column is-layout-flow wp-block-column-is-layout-flow\">\n<p><strong><em><br>OVNI EN FRANCE Les v\u00e9rit\u00e9s cach\u00e9es<\/em><\/strong><\/p>\n<\/div>\n\n\n\n<div class=\"wp-block-column is-layout-flow wp-block-column-is-layout-flow\"><\/div>\n<\/div>\n\n\n\n<p><strong><em>Les vid\u00e9os de Jimmy Guieu reste un incontournable plus de 30 ans plus tard&nbsp;!<br>Il y parle ouvertement de sujets qui aujourd\u2019hui encore reste difficile \u00e0 trouver.<\/em><\/strong><\/p>\n\n\n\n<p>TPMP Focus \/ l&rsquo;interview de Jean-Claude Bourret -Sp\u00e9cialistes des OVNI depuis 50 ans<\/p>\n\n\n\n<figure class=\"wp-block-embed is-type-video is-provider-youtube wp-block-embed-youtube wp-embed-aspect-16-9 wp-has-aspect-ratio\"><div class=\"wp-block-embed__wrapper\">\n<iframe title=\"TPMP Focus : Jean-Claude Bourret, sp\u00e9cialiste des ovnis, depuis 50 ans !\" width=\"500\" height=\"281\" src=\"https:\/\/www.youtube.com\/embed\/a53T6GIWibQ?feature=oembed\" frameborder=\"0\" allow=\"accelerometer; autoplay; clipboard-write; encrypted-media; gyroscope; picture-in-picture; web-share\" referrerpolicy=\"strict-origin-when-cross-origin\" allowfullscreen><\/iframe>\n<\/div><\/figure>\n\n\n\n<figure class=\"wp-block-image size-full\"><a href=\"https:\/\/www.ina.fr\/ina-eclaire-actu\/congres-extraterrestres-ovnis-limoges-savoie-jean-michel-raoux\" target=\"_blank\" rel=\" noreferrer noopener\"><img fetchpriority=\"high\" decoding=\"async\" width=\"724\" height=\"538\" src=\"https:\/\/ceofrance-international.com\/wp-content\/uploads\/2026\/01\/Capture-decran-2026-01-11-005519.png\" alt=\"\" class=\"wp-image-1040\" srcset=\"https:\/\/ceofrance-international.com\/wp-content\/uploads\/2026\/01\/Capture-decran-2026-01-11-005519.png 724w, https:\/\/ceofrance-international.com\/wp-content\/uploads\/2026\/01\/Capture-decran-2026-01-11-005519-300x223.png 300w\" sizes=\"(max-width: 724px) 100vw, 724px\" \/><\/a><\/figure>\n\n\n\n<p><strong><em>Symposium Exovision \u00e0 Limoges : ufologie et contact extraterrestre<br>Du 16 au 18 mars 2024, plus de 2 200 passionn\u00e9s d\u2019ovnis se r\u00e9unissent \u00e0 Limoges pour le \u00ab\u202fSymposium Exovision\u202f\u00bb, un congr\u00e8s consacr\u00e9 \u00e0 la venue des extraterrestres. Organis\u00e9 par Jean-Michel Raoux, physicien quantique, chimiste et pr\u00e9sident de l\u2019association, l\u2019\u00e9v\u00e9nement met l\u2019accent sur les recherches ufologiques et les effets quantiques de la conscience sur la r\u00e9alit\u00e9.<\/em><\/strong><\/p>\n\n\n\n<p><strong><em>D\u00e9j\u00e0 en 1994, Raoux explorait ces th\u00e9matiques dans un reportage diffus\u00e9 sur \u00ab\u202fUne p\u00eache d\u2019enfer\u202f\u00bb, o\u00f9 un postier savoyard t\u00e9moignait d\u2019une rencontre du troisi\u00e8me type. Accompagn\u00e9 d\u2019enqu\u00eateurs ufologues de l\u2019IMSA, il cherchait des preuves tangibles (traces, effets \u00e9nerg\u00e9tiques, portraits-robots des visiteurs), confirmant l\u2019existence d\u2019ovnis et la pr\u00e9sence possible d\u2019extraterrestres parmi nous, comme \u00e9voqu\u00e9 par le Pentagone ou les th\u00e9ories sur la base 51.<\/em><\/strong><\/p>\n\n\n\n<p><strong><em>Pour communiquer avec ces \u00eatres, les chercheurs pr\u00e9conisaient des techniques universelles, notamment l\u2019usage du son cosmique \u00ab\u202fOm\u0310\u202f\u00bb pour \u00e9tablir un contact t\u00e9l\u00e9pathique.<\/em><\/strong><\/p>\n\n\n\n<p><strong><em>Ces vid\u00e9os ne pr\u00e9tendent pas imposer une v\u00e9rit\u00e9.<br>Elles invitent \u00e0 observer, \u00e9couter, comparer, douter\u2026 et r\u00e9fl\u00e9chir.<\/em><\/strong><\/p>\n\n\n\n<p><strong><em>Si ces premiers extraits ont \u00e9veill\u00e9 votre curiosit\u00e9, sachez qu\u2019ils ne repr\u00e9sentent qu\u2019une infime partie des t\u00e9moignages, conf\u00e9rences et analyses disponibles.<br>La cha\u00eene CEO France-International rassemble un travail de fond, rare et document\u00e9, o\u00f9 se croisent chercheurs ind\u00e9pendants, enqu\u00eateurs, t\u00e9moins directs et experts, dans un esprit d\u2019ouverture et de discernement.<\/em><\/strong><\/p>\n\n\n\n<p><strong><em>Pour acc\u00e9der \u00e0 l\u2019int\u00e9gralit\u00e9 des contenus, approfondir les dossiers et suivre l\u2019\u00e9volution des recherches :<\/em><\/strong><br><strong><a href=\"https:\/\/www.youtube.com\/@ceofrance-international\" target=\"_blank\" rel=\"noopener\" title=\"abonnez-vous \u00e0 la cha\u00eene YouTube  CEO France-International\">abonnez-vous \u00e0 la cha\u00eene YouTube  CEO France-International<\/a> <\/strong><\/p>\n\n\n\n<blockquote class=\"wp-block-quote is-layout-flow wp-block-quote-is-layout-flow\">\n<p><strong><em>L\u2019ufologie ne se limite pas \u00e0 ce que l\u2019on voit.<br>Elle commence souvent l\u00e0 o\u00f9 l\u2019on accepte de regarder autrement.<\/em><\/strong><\/p>\n<\/blockquote>\n","protected":false},"excerpt":{"rendered":"<p>Dans une d\u00e9marche ouverte mais rigoureuse, CEO France-International consid\u00e8re qu\u2019il est essentiel d\u2019\u00e9couter toutes les formes de recherches et de t\u00e9moignages, d\u00e8s lors qu\u2019elles contribuent \u00e0 nourrir la r\u00e9flexion, \u00e0 interroger nos certitudes et \u00e0 \u00e9largir le champ des possibles, sans confusion avec les enqu\u00eates que nous continuons de d\u00e9fendre et de pratiquer. Les vid\u00e9os [&hellip;]<\/p>\n","protected":false},"author":1,"featured_media":0,"parent":0,"menu_order":0,"comment_status":"closed","ping_status":"closed","template":"","meta":{"om_disable_all_campaigns":false,"_monsterinsights_skip_tracking":false,"_monsterinsights_sitenote_active":false,"_monsterinsights_sitenote_note":"","_monsterinsights_sitenote_category":0,"footnotes":""},"class_list":["post-233","page","type-page","status-publish","hentry"],"aioseo_notices":[],"_links":{"self":[{"href":"https:\/\/ceofrance-international.com\/index.php\/wp-json\/wp\/v2\/pages\/233","targetHints":{"allow":["GET"]}}],"collection":[{"href":"https:\/\/ceofrance-international.com\/index.php\/wp-json\/wp\/v2\/pages"}],"about":[{"href":"https:\/\/ceofrance-international.com\/index.php\/wp-json\/wp\/v2\/types\/page"}],"author":[{"embeddable":true,"href":"https:\/\/ceofrance-international.com\/index.php\/wp-json\/wp\/v2\/users\/1"}],"replies":[{"embeddable":true,"href":"https:\/\/ceofrance-international.com\/index.php\/wp-json\/wp\/v2\/comments?post=233"}],"version-history":[{"count":15,"href":"https:\/\/ceofrance-international.com\/index.php\/wp-json\/wp\/v2\/pages\/233\/revisions"}],"predecessor-version":[{"id":1041,"href":"https:\/\/ceofrance-international.com\/index.php\/wp-json\/wp\/v2\/pages\/233\/revisions\/1041"}],"wp:attachment":[{"href":"https:\/\/ceofrance-international.com\/index.php\/wp-json\/wp\/v2\/media?parent=233"}],"curies":[{"name":"wp","href":"https:\/\/api.w.org\/{rel}","templated":true}]}}