{"id":128,"date":"2023-11-09T09:56:14","date_gmt":"2023-11-09T08:56:14","guid":{"rendered":"https:\/\/ceofrance-international.com\/?page_id=128"},"modified":"2026-01-12T19:13:12","modified_gmt":"2026-01-12T18:13:12","slug":"articles","status":"publish","type":"page","link":"https:\/\/ceofrance-international.com\/index.php\/articles\/","title":{"rendered":"Synth\u00e8ses &#038; R\u00e9flexions"},"content":{"rendered":"\n<p><em>(Le contenu des articles n&rsquo;engage que la responsabilit\u00e9 de leurs auteurs..)<\/em><\/p>\n\n\n\n<p style=\"font-size:27px\"><strong>DANS QUEL CAMP \u00caTES VOUS&nbsp;?<\/strong><\/p>\n\n\n\n<p><strong><em>Les fr\u00e8res Montgolfier on d\u00e9montr\u00e9 au 18\u00e9me si\u00e8cle \u00ab\u00a0Qu\u2019un plus lourd que l\u2019air\u00a0\u00bb pouvait voler. Faisant ainsi entrer l\u2019Humanit\u00e9 dans une nouvel \u00e8re.<br>Mais cela n\u2019a pas emp\u00each\u00e9 un directeur de l\u2019observatoire d\u2019astronomie de Londres (Angleterre) au 19\u00e9me si\u00e8cle, d\u2019affirmer du \u00ab\u00a0haut\u00a0\u00bb de sa fonction&nbsp;: \u00ab\u00a0un plus lourd que l\u2019air \u00e7a ne peut pas voler&nbsp;!\u00a0\u00bb<br>Alors que les fr\u00e8res Montgolfier en avait fait la d\u00e9monstration un si\u00e8cle plus t\u00f4t\u2026<br>Et vous&nbsp;! Dans quel camp \u00eates vous&nbsp;?<\/em><\/strong><\/p>\n\n\n\n<div class=\"wp-block-columns is-layout-flex wp-container-core-columns-is-layout-28f84493 wp-block-columns-is-layout-flex\">\n<div class=\"wp-block-column is-layout-flow wp-block-column-is-layout-flow\">\n<figure class=\"wp-block-image size-full\"><img fetchpriority=\"high\" decoding=\"async\" width=\"652\" height=\"302\" src=\"https:\/\/ceofrance-international.com\/wp-content\/uploads\/2026\/01\/Capture-decran-2026-01-12-190629.png\" alt=\"\" class=\"wp-image-1057\" srcset=\"https:\/\/ceofrance-international.com\/wp-content\/uploads\/2026\/01\/Capture-decran-2026-01-12-190629.png 652w, https:\/\/ceofrance-international.com\/wp-content\/uploads\/2026\/01\/Capture-decran-2026-01-12-190629-300x139.png 300w\" sizes=\"(max-width: 652px) 100vw, 652px\" \/><\/figure>\n<\/div>\n\n\n\n<div class=\"wp-block-column is-layout-flow wp-block-column-is-layout-flow\">\n<figure class=\"wp-block-image size-full is-resized\"><img decoding=\"async\" width=\"481\" height=\"354\" src=\"https:\/\/ceofrance-international.com\/wp-content\/uploads\/2026\/01\/Capture-decran-2026-01-12-190220.png\" alt=\"\" class=\"wp-image-1056\" style=\"aspect-ratio:1.3587949234966197;width:329px;height:auto\" srcset=\"https:\/\/ceofrance-international.com\/wp-content\/uploads\/2026\/01\/Capture-decran-2026-01-12-190220.png 481w, https:\/\/ceofrance-international.com\/wp-content\/uploads\/2026\/01\/Capture-decran-2026-01-12-190220-300x221.png 300w\" sizes=\"(max-width: 481px) 100vw, 481px\" \/><\/figure>\n<\/div>\n<\/div>\n\n\n\n<p><strong><em>Nikola TESLA est l\u2019inventeur du courant alternatif. Il a aussi d\u00e9couvert un proc\u00e9d\u00e9 permettant de produire de l\u2019\u00e9lectricit\u00e9 en convertissant le champ magn\u00e9tique naturel de la Terre. Et il a d\u00e9couvert le moyen de transporter sans fil cette \u00e9nergie.<br>Mais les financiers mirent fin au projet. Privant du m\u00eame coup l\u2019Humanit\u00e9 de l\u2019acc\u00e8s \u00e0 l\u2019\u00e9nergie libre. Et pour \u00eatre sur de l\u2019\u00e9carter. On donna la paternit\u00e9 de la d\u00e9couverte des ondes radio (qu\u2019il avait d\u00e9couvert) \u00e0 Marconi. Privant ainsi Tesla du prix Nobel qui lui revenait\u2026<br>Nikola TESLA \u00e9tait de ceux qui cherchait \u00e0 faire \u00e9voluer l\u2019Humanit\u00e9&nbsp;!<br>Et vous&nbsp;! Dans quel camp \u00eates vous&nbsp;?<\/em><\/strong><\/p>\n\n\n\n<p><strong><em>La T\u00e9l\u00e9pathie&nbsp;: Des dizaines d\u2019exp\u00e9riences ont \u00e9t\u00e9 men\u00e9es depuis des d\u00e9cennies, par des chercheurs, des militaires. Ces exp\u00e9riences ont d\u00e9montr\u00e9 l\u2019existence d\u2019un \u00ab\u00a0lien\u00a0\u00bb qui se joue de la distance et des obstacles. Quand une m\u00e8re \u00ab\u00a0sent\u00a0\u00bb que son enfant est en danger, c\u2019est qu\u2019il est VRAIMENT en danger&nbsp;! Mais une certaine \u00ab\u00a0science\u00a0\u00bb continue \u00e0 mettre cela \u00ab\u00a0sous le tapis\u00a0\u00bb.<br>Et vous&nbsp;! Dans quel camp \u00eates vous&nbsp;?<\/em><\/strong><\/p>\n\n\n\n<p><strong><em>R\u00e9cemment, une exp\u00e9rience simple sur la lumi\u00e8re \u00e0 d\u00e9montr\u00e9 que la conscience faisait partie int\u00e9grante de l\u2019\u00e9nergie, et que l\u2019information&nbsp;: remontait le Temps\u2026<br>Et vous&nbsp;! Dans quel camp \u00eates vous&nbsp;?<\/em><\/strong><\/p>\n\n\n\n<p><strong><em> \u00e9crit par Joseph PAUX<\/em><\/strong><\/p>\n\n\n\n<h2 class=\"wp-block-heading\"><em><strong>Quelle est la Nature des Ovnis qui visitent&nbsp;notre Plan\u00e8te&nbsp;?<\/strong><\/em><\/h2>\n\n\n\n<h3 class=\"wp-block-heading\"><strong><em>de Philippe CANEPA<\/em><\/strong><\/h3>\n\n\n\n<p><em><strong>Avant d\u2019entrer dans les d\u00e9tails de ces explications il convient que les chercheurs en Ufologie comprennent bien que la plus grande partie des OVNIs visitant notre plan\u00e8te provient soit de notre galaxie, soit de la \u00ab Terre Creuse \u00bb comme on l\u2019appelle, c\u2019est \u00e0 dire de notre fameuse \u00ab Agartha \u00bb. A cela s\u2019ajoute bien s\u00fbr d\u2019autres provenances en regard de la multi-dimensionnalit\u00e9 de la r\u00e9alit\u00e9 (du multivers), et des autres espaces-temps; cependant les OVNIs qui proviennent de ces autres endroits sont moindres. Par ailleurs il faut comprendre \u00e0 la base que les habitants de la Terre sont les seuls \u00e0 \u00eatre \u00ab exclus \u00bb des relations extra-terrestres de la Conf\u00e9d\u00e9ration Intergalactique \u00e0 cause de leur agressivit\u00e9 et leur ignorance envers les Lois qui r\u00e9gissent l\u2019Univers.<\/strong><\/em><\/p>\n\n\n\n<p><strong><em>\u00c0 cela s\u2019ajoute le ph\u00e9nom\u00e8ne peu compr\u00e9hensible pour beaucoup qu\u2019une autre valeur intervient et qui n\u2019est autre que la r\u00e9alit\u00e9 des \u00ab dimensions \u201c diff\u00e9rentes de la n\u00f4tre.<\/em><\/strong><\/p>\n\n\n\n<p><strong><em>Pour nos consciences, la notion de dimensions renvoie encore, \u00e0 notre stade d\u2019\u00e9volution, \u00e0 quelque chose d\u2019inaccessible en apparence (ou du moins en est-il ainsi \u00e0 cause de nos croyances erron\u00e9es) alors qu\u2019en r\u00e9alit\u00e9 il s\u2019agit \u00ab d\u2019une valeur \u00bb \u00e0 laquelle nous devrions participer et surtout que NOUS commen\u00e7ons \u00e0 y participer sans m\u00eame nous en rendre compte : l\u2019intuition, la t\u00e9l\u00e9pathie, la m\u00e9diumnit\u00e9 sont des \u00e9l\u00e9ments qui t\u00e9moignent \u00e0 notre stade d\u2019\u00e9volution de l\u2019existence de ces autres r\u00e9alit\u00e9s.<\/em><\/strong><\/p>\n\n\n\n<p><strong><em>Du moins ce n\u2019est qu\u2019\u00e0 ces niveaux que nous commen\u00e7ons \u00e0 peine \u00e0 comprendre et \u00e0 entrevoir la notion de mondes parall\u00e8les dans le champ des possibles. Ceci r\u00e9v\u00e8le notre \u00e9tat de primitivit\u00e9 en v\u00e9rit\u00e9, car nos \u00ab\u3000fr\u00e8res de l\u2019espace\u3000\u00bb en sont eux, \u00e0 maitriser ces r\u00e9alit\u00e9s plu-ri dimensionnelles avec leur technologie.<\/em><\/strong><\/p>\n\n\n\n<p><strong><em>Sur la Terre, seuls les esprits de quelques rares \u00ab illumin\u00e9s \u00bb en ont-ils \u00e0 peine per\u00e7u et compris l\u2019 existence ! Un Terrien \u00e9volue dans la 3<sup>\u00e8me <\/sup>dimension (le r\u00e8gne de la mati\u00e8re), un \u00eatre extra-terrestre dans la 4\u00e8me dimension (le r\u00e8gne de l\u2019\u00e9nergie) en g\u00e9n\u00e9ral et au-del\u00e0.<\/em><\/strong><\/p>\n\n\n\n<p><strong><em>Tout ceci n\u2019est pas sans rappeler la difficult\u00e9 qu\u2019il a fallu \u00e0 nos scientifiques pour comprendre et admettre que la Terre \u00e9tait ronde !<\/em><\/strong><\/p>\n\n\n\n<p><strong><em>Oui, pour changer, ou sauter d\u2019une dimension \u00e0 une autre \u00ab un extra-terrestre \u00bb peut le faire en quelques secondes, soit \u00e0 partir de son corps physique, soit \u00e0 partir de son module de transport. Ainsi Il manipule le temps et l\u2019espace et maitrise la Gravit\u00e9.<\/em><\/strong><\/p>\n\n\n\n<p><strong><em>Comprendre ceci c\u2019est comprendre la nature du ph\u00e9nom\u00e8ne OVNI telle que nous le vivons sur notre plan\u00e8te.<\/em><\/strong><\/p>\n\n\n\n<p><strong><em>Pour autant, il ne faut pas rejeter la vision commune des ufologues : \u00ab la fameuse opinion t\u00f4le et boulon \u00bb que nombre de nouveaux chercheurs ont tendance \u00e0 vouloir mettre de c\u00f4t\u00e9 pour pouvoir se r\u00e9fugier dans une id\u00e9alisation spiritualiste du ph\u00e9nom\u00e8ne OVNI, et ceci en regard par exemple de ces notions de \u00ab dimensions multiples \u00bb que les \u00ab fr\u00e8res de l\u2019Espace \u00bb, tant les Pl\u00e9iadiens que tant d\u2019autres, nous montrent ; car la technologie \u00ab t\u00f4le et boulon \u00bb existe \u00e9galement, chez d\u2019autre peuples de l\u2019espace.<\/em><\/strong><\/p>\n\n\n\n<p><strong><em>Pour beaucoup, quand on approche de plus pr\u00e8s ces choses nouvelles, ce concept, la conscience de chacun a tendance \u00e0 perdre pied et c\u2019est comme si la personne devenait incapable de comprendre la nature de la r\u00e9alit\u00e9 (une r\u00e9alit\u00e9 qui se d\u00e9robe). Plus encore il se produit comme un \u00ab d\u00e9phasage \u00bb. Pour simplifier notre explication on va se retrouver en Ufologie avec deux camps :<\/em><\/strong><\/p>\n\n\n\n<ul class=\"wp-block-list\">\n<li class=\"has-luminous-vivid-amber-color has-text-color has-link-color wp-elements-8778a82f67491a44a737a00dd96e99be\" style=\"font-size:20px\"><strong><em>D\u2019un c\u00f4t\u00e9, ceux qui pensent que les E.T ne peuvent venir sur notre monde qu\u2019avec un vaisseau spatial reproduisant les normes \u00ab t\u00f4les et boulons \u00bb de notre plan\u00e8te. &nbsp; Et de l\u2019autre, avec tout un ensemble d\u2019Ufologues qui ont approch\u00e9 ces r\u00e9alit\u00e9s ext\u00e9rieures et sup\u00e9rieures \u00e0 la n\u00f4tre, et qui, disons-le franchement, donnent l\u2019impression d\u2019avoir \u00ab p\u00e9t\u00e9 un fusible \u00bb car ils finissent par \u00e9voluer dans une conception quasi spiritualiste du ph\u00e9nom\u00e8ne OVNI, selon laquelle la mati\u00e8re conventionnelle devient totalement exclue ; ce qui est loin d\u2019\u00eatre le cas ! Plus concr\u00e8tement cela va donner lieu \u00e0 la cr\u00e9ation de mouvements \u00ab New age \u00bb, de chercheurs qui ne voient dans le ph\u00e9nom\u00e8ne OVNI, qu\u2019une manifestation purement \u00e9nerg\u00e9tique \u00bb.<\/em><\/strong><\/li>\n<\/ul>\n\n\n\n<p><strong><em>Nous dirons qu\u2019il y a erreur autant dans un groupe que dans l\u2019autre.<\/em><\/strong><\/p>\n\n\n\n<p><strong><em>Le ph\u00e9nom\u00e8ne OVNI c\u2019est la fusion de ces deux dimensions : \u00ab le mat\u00e9riel et l\u2019\u00e9nerg\u00e9tique \u00bb. Le spirituel, pour sa part, constituant une dimension elle aussi pr\u00e9sente chez les peuples extra-terrestres \u00e9volu\u00e9s. Pourquoi ne le serait-elle pas puisque sur notre monde nous avons aussi de multiples manifestations de la spiritualit\u00e9 un peu partout dans toutes nos cultures.<\/em><\/strong><\/p>\n\n\n\n<p><strong><em>Chez les Pl\u00e9iadiens, la spiritualit\u00e9 est extr\u00eamement importante car il s\u2019agit d\u2019une civilisation tr\u00e8s ancienne qui a eu le temps (et la dimension !) de continuer \u00e0 \u00e9voluer comme le sugg\u00e8rent les Lois Cosmiques (\u00e9volution), c&rsquo;est-\u00e0-dire en allant de l\u2019avant, tel le Big Bang, et pas comme sur notre Terre, \u00e0 reculons (involution).<\/em><\/strong><\/p>\n\n\n\n<p><strong><em>Nous avons de grandes difficult\u00e9s \u00e0 admettre cela car, jusque dans nos propres consciences individuelles nous avons des sortes de barrages : l\u2019\u00e9ducation que nous recevons depuis l\u2019enfance, durant notre vie et ce, jusqu\u2019\u00e0 notre mort, ne favorise d\u00e9j\u00e0 pas l\u2019apparition de la compr\u00e9hension car elle reste centr\u00e9e en tout sur notre 3<sup>\u00e9me<\/sup> dimension. Ainsi, ce que nous sommes capables de comprendre ne d\u00e9passe pas une certaine limite, et m\u00eame, tout simplement, cela bloque le d\u00e9veloppement de la conscience.<\/em><\/strong><\/p>\n\n\n\n<p><strong><em>Un simple paysan aura ainsi parfois une conscience plus d\u00e9velopp\u00e9e qu\u2019un brillant scientifique.<\/em><\/strong><\/p>\n\n\n\n<p><strong><em>Mais les barrages qui nous emp\u00eachent de comprendre et peut-\u00eatre m\u00eame de nous int\u00e9resser aux r\u00e9alit\u00e9s extraterrestres ne sont pas simplement le fait de notre \u00e9ducation : une volont\u00e9 sournoise, travaillant les subconscients de chacun de nous, semble agir dans l\u2019ombre. Nous pensons qu\u2019il s\u2019agit des \u00ab forces noires \u00bb dont parlait notre ami Jimmy Guieu. Croyez-vous que cela soit d\u00fb uniquement \u00e0 un hasard, lorsqu\u2019on parle des OVNIs \u00e0 certaines personnes et qu\u2019elles r\u00e9agissent aussit\u00f4t en riant aux \u00e9clats puis se d\u00e9tournent imm\u00e9diatement du sujet, incr\u00e9dules et moqueuses (\u00ab alors tu y crois, toi, aux petits hommes verts ! \u00bb).<\/em><\/strong><\/p>\n\n\n\n<p><strong><em>Il semble en effet qu\u2019une telle attitude r\u00e9actionnelle soit encore en vogue sur toute la plan\u00e8te\u2026 Ou bien y-a t-il eu l\u00e0 quelque influence psychologique qui est pass\u00e9e par nos t\u00e9l\u00e9visions, nos m\u00e9dias, qui a fini par se graver dans l\u2019inconscient collectif et m\u00eame le subconscient de chacun\u2026? (les Gouvernements ont le contr\u00f4le de tous les M\u00e9dias). Posons-nous la question.<\/em><\/strong><\/p>\n\n\n\n<p><strong><em>Il existe aussi d\u2019autres barrages qui semblent ainsi ancr\u00e9s jusque dans nos g\u00e8nes : Mr X \u2026 voit un OVNI se poser devant lui. Mais apr\u00e8s son d\u00e9part, non, ce n\u2019\u00e9tait pas un OVNI\u2026 Simple blocage psychologique comme l\u2019on dit, ou bien quelque barrage intentionnel cach\u00e9 ? Nombre de chercheurs ont fini par d\u00e9couvrir que notre monde est aussi bloqu\u00e9 et manipul\u00e9 dans son \u00e9volution par \u00ab les gris\u3000\u00bb (the Greys ! disait Jimmy) et les reptiliens\u2026 ! Vaste complot \u00e0 l\u2019\u00e9chelle plan\u00e9taire dont il ne fait pas bon en conna\u00eetre l\u2019existence\u2026 surtout si votre savoir et compr\u00e9hension provient d\u2019exp\u00e9riences v\u00e9cues sur le terrain.<\/em><\/strong><\/p>\n\n\n\n<p><strong><em>En effet vous pourriez r\u00e9v\u00e9ler les choses \u00e0 vos coll\u00e8gues en incarnation avec vous, car cela contribue d\u00e9j\u00e0 \u00e0 commencer \u00e0 lever le voile qui un jour devra dispara\u00eetre d\u00e9finitivement.<\/em><\/strong><\/p>\n\n\n\n<p><strong><em>Jimmy Guieu a parl\u00e9 de ces choses et nous a mis en garde d\u2019une mani\u00e8re tellement forte que cela nous a permis d\u2019orienter nos recherches vers tout cela, et ainsi, \u00e0 notre tour, de savoir\u2026! Et d\u2019aller voir ! Car nombre de ses vid\u00e9os, par exemple, laissent entrevoir ces faits :<\/em><\/strong><\/p>\n\n\n\n<p><strong><em>Le pr\u00e9sident Eisenhower a bien rencontr\u00e9 des Pl\u00e9iadiens comme cela est expliqu\u00e9 dans ses courts m\u00e9trages. Et leurs vaisseaux spatiaux se sont bien pos\u00e9s dans un A\u00e9roport. Mati\u00e8re et \u00e9nergie ne font qu\u2019un et s\u2019interp\u00e9n\u00e8trent.<\/em><\/strong><\/p>\n\n\n\n<p><strong><em>Cessons une bonne fois pour toute de ne pratiquer une Ufologie qu\u2019\u00e0 un \u00e9tage et soyons de ceux qui comprennent les choses comme elles sont, et pas comme nous pensons qu\u2019elles sont.<\/em><\/strong><\/p>\n\n\n\n<p><strong><em>Quoi qu\u2019il en soit, l\u2019\u00e9tude s\u00e9rieuse du ph\u00e9nom\u00e8ne contribue \u00e0 l\u2019\u00e9l\u00e9vation de la Conscience Humaine.<\/em><\/strong><\/p>\n\n\n\n<ul class=\"wp-block-list\">\n<li><strong><em>O.V.N.I = Ouverture \u00e0 une Vision Nouvelle de l\u2019Individu \u2026 &nbsp;<\/em><\/strong><\/li>\n<\/ul>\n\n\n\n<p><strong><em>Il faut apprendre, comprendre, savoir accepter\u2026<\/em><\/strong><\/p>\n\n\n\n<h2 class=\"wp-block-heading\"><em>R\u00e9flexion sur un ph\u00e9nom\u00e8ne<\/em>(extrait)<\/h2>\n\n\n\n<h2 class=\"wp-block-heading\">de Brian JEFFERY<\/h2>\n\n\n\n<p><em><strong>Le ph\u00e9nom\u00e8ne OVNI nie toute loi physique. Il n\u2019est sujet \u00e0 aucune loi faisant partie<\/strong><\/em><\/p>\n\n\n\n<p><strong><em>de notre acquis scientifique et de nos structures mentales. Face \u00e0 un ph\u00e9nom\u00e8ne qui menace de bouleverser tout notre sch\u00e9ma psychologique de l\u2019Univers, nous essayons de le<\/em><\/strong><\/p>\n\n\n\n<p><strong><em>\u00ab classifier \u00bb dans des termes que nous comprenons : o.v.n.i, extraterrestre, astronomie\u2026<\/em><\/strong><\/p>\n\n\n\n<p><strong><em>Le ph\u00e9nom\u00e8ne est Intelligent\u3000:<\/em><\/strong><\/p>\n\n\n\n<p><strong><em>ce que ne veut pas le\u3000\u00bb ph\u00e9nom\u00e8ne \u00bb, semble \u2013t-il, il ne le fait pas.<\/em><\/strong><\/p>\n\n\n\n<p><strong><em>Le ph\u00e9nom\u00e8ne est souvent illogique, impr\u00e9visible, absurde, c\u2019est-\u00e0-dire qu\u2019il permet trop facilement \u00e0 nos esprits de se r\u00e9fugier dans une attitude de scepticisme, d\u2019ironie ou de mysticisme vague et optimiste. Ce qui est \u00e9videmment voulu par le ph\u00e9nom\u00e8ne.<\/em><\/strong><\/p>\n\n\n\n<p><strong><em>Le ph\u00e9nom\u00e8ne se manifestant d\u2019une mani\u00e8re absurde, contient un pi\u00e8ge destin\u00e9 \u00e0 tout esprit qui se pose trop de questions \u00e0 son sujet.<\/em><\/strong><\/p>\n\n\n\n<p><strong><em>Deux faits sont \u00e0 constater\u3000:<\/em><\/strong><\/p>\n\n\n\n<ul class=\"wp-block-list\">\n<li>Le ph\u00e9nom\u00e8ne existe, ce que nous d\u00e9montre l\u2019\u00e9vidence&nbsp;<\/li>\n\n\n\n<li>Le ph\u00e9nom\u00e8ne se manifeste d\u2019une mani\u00e8re absurde qui emp\u00eache toute classification susceptible de nous permettre une compr\u00e9hension r\u00e9elle et objective. (Il est discret, furtif, brouill\u00e9.)<\/li>\n<\/ul>\n\n\n\n<p><strong><em>Les manifestations du ph\u00e9nom\u00e8ne d\u00e9montrent de sa part un contr\u00f4le et une manipulation totale de la mati\u00e8re et de l\u2019\u00e9nergie, donc la distance n\u2019a aucune signification pour ce ph\u00e9nom\u00e8ne, et dans ce cas, l\u2019hypoth\u00e8se des extraterrestres ne veut plus rien dire.<\/em><\/strong><\/p>\n\n\n\n<p><strong><em>Quelque chose est cr\u00e9e, d\u00e9sint\u00e9gr\u00e9, transmis et r\u00e9int\u00e9gr\u00e9.<\/em><\/strong><\/p>\n\n\n\n<p><strong><em>Constatons le : l\u2019Intelligence ou les Intelligences contr\u00f4lant les OVNI ont ma\u00eetris\u00e9 l\u2019espace et probablement aussi le temps. Dans ce contexte, les distances ne signifient plus rien.<\/em><\/strong><\/p>\n\n\n\n<p><strong><em>Des \u00eatres qui peuvent changer de formes quand ils le veulent et comme ils le veulent,<\/em><\/strong><\/p>\n\n\n\n<p><strong><em>des \u00eatres capricieux\u2026 touche t-on au folklore\u3000?<\/em><\/strong><\/p>\n\n\n\n<p><strong><em>Il semble que oui. La multiplicit\u00e9 des contextes o\u00f9 se manifestent ces \u00eatres est peut \u00eatre une des clefs du probl\u00e8me. Le ph\u00e9nom\u00e8ne change non seulement son apparence technique, mais aussi son contexte d\u2019apr\u00e8s les circonstances.<\/em><\/strong><\/p>\n\n\n\n<p><strong><em>Depuis l\u2019observation de Kenneth Arnold en 1947, aux \u00c9tats Unis, le ph\u00e9nom\u00e8ne<\/em><\/strong><\/p>\n\n\n\n<p><strong><em>a manifestement chang\u00e9 de forme : il s\u2019agit maintenant d\u2019extraterrestres et de soucoupes volantes.<\/em><\/strong><\/p>\n\n\n\n<p><strong><em>Encore une fois en nous proposant une explication simple, le ph\u00e9nom\u00e8ne se CACHE.<\/em><\/strong><\/p>\n\n\n\n<p><strong><em>Il faut en \u00eatre conscient : le ph\u00e9nom\u00e8ne est en contact subtil avec nous, peut \u00eatre m\u00eame nous manipule t- il et il NOUS MENT.<\/em><\/strong><\/p>\n\n\n\n<p><strong><em>L\u2019Humanit\u00e9 existe dans une bande tr\u00e8s \u00ab born\u00e9e \u00bb du spectre \u00e9lectromagn\u00e9tique.<\/em><\/strong><\/p>\n\n\n\n<p><strong><em>Elle n\u2019entend ni ne voit pas grand-chose. Ses perceptions sont \u00e9troitement d\u00e9limit\u00e9es. In\u00e9vitablement ses conceptions sont \u00e9galement born\u00e9es. Pour interpr\u00e9ter l\u2019Univers,<\/em><\/strong><\/p>\n\n\n\n<p><strong><em>elle ne peut que projeter \u00e0 ce sujet une s\u00e9rie d\u2019hypoth\u00e8ses et de th\u00e9ories manifestement incompl\u00e8tes et inad\u00e9quates.<\/em><\/strong><\/p>\n\n\n\n<p><strong><em>Notre image de l&rsquo;Univers physique \u00e0 trois dimensions nous contient et nous borne aussi efficacement que l\u2019ancienne orthodoxie d\u2019une Terre \u00ab plate \u00bb.<\/em><\/strong><\/p>\n\n\n\n<p><strong><em>Et s\u2019il y avait un spectre de r\u00e9alit\u00e9 dont nous ne pourrions percevoir et concevoir qu\u2019une bande de formes limit\u00e9es ? On se trouve face \u00e0 une possibilit\u00e9 plus bouleversante m\u00eame que celle de visiteurs extraterrestres : celle d\u2019une multiplicit\u00e9 d\u2019univers,<\/em><\/strong><\/p>\n\n\n\n<p><strong><em>et d\u2019une intrusion dans le NOTRE d\u2019une intelligence ou d\u2019intelligences aux capacit\u00e9s<\/em><\/strong><\/p>\n\n\n\n<p><strong><em>\u00ab magiques \u00bb pour nous, des \u00ab ULTRA-TERRESTRES \u00bb pour qui les questions d\u2019espace<\/em><\/strong><\/p>\n\n\n\n<p><strong><em>et de temps (et de mati\u00e8re !) sont enti\u00e8rement HORS DE PROPOS\u2026<\/em><\/strong><\/p>\n\n\n\n<p><strong><em>Phrase de Paracelse:<br>\u00ab\u00a0Les hommes d\u00e9pourvus de perception spirituelle sont incapables de reconna\u00eetre ce qui ne tombe pas directement sous leur sens, ce qui na pas d&rsquo;apparence visible\u00a0\u00bb<\/em><\/strong><\/p>\n\n\n\n<div class=\"wp-block-columns is-layout-flex wp-container-core-columns-is-layout-28f84493 wp-block-columns-is-layout-flex\">\n<div class=\"wp-block-column is-layout-flow wp-block-column-is-layout-flow\">\n<figure class=\"wp-block-image aligncenter size-large is-resized\"><img decoding=\"async\" width=\"1024\" height=\"946\" src=\"https:\/\/ceofrance-international.com\/wp-content\/uploads\/2023\/10\/ovni-association-ceofrance-international-ufologie-1024x946.jpg\" alt=\"logo de ceofrance\" class=\"wp-image-979\" style=\"aspect-ratio:1.0824648016090692;width:347px;height:auto\" srcset=\"https:\/\/ceofrance-international.com\/wp-content\/uploads\/2023\/10\/ovni-association-ceofrance-international-ufologie-1024x946.jpg 1024w, https:\/\/ceofrance-international.com\/wp-content\/uploads\/2023\/10\/ovni-association-ceofrance-international-ufologie-300x277.jpg 300w, https:\/\/ceofrance-international.com\/wp-content\/uploads\/2023\/10\/ovni-association-ceofrance-international-ufologie-768x710.jpg 768w, https:\/\/ceofrance-international.com\/wp-content\/uploads\/2023\/10\/ovni-association-ceofrance-international-ufologie.jpg 1056w\" sizes=\"(max-width: 1024px) 100vw, 1024px\" \/><\/figure>\n<\/div>\n<\/div>\n","protected":false},"excerpt":{"rendered":"<p>(Le contenu des articles n&rsquo;engage que la responsabilit\u00e9 de leurs auteurs..) DANS QUEL CAMP \u00caTES VOUS&nbsp;? Les fr\u00e8res Montgolfier on d\u00e9montr\u00e9 au 18\u00e9me si\u00e8cle \u00ab\u00a0Qu\u2019un plus lourd que l\u2019air\u00a0\u00bb pouvait voler. Faisant ainsi entrer l\u2019Humanit\u00e9 dans une nouvel \u00e8re.Mais cela n\u2019a pas emp\u00each\u00e9 un directeur de l\u2019observatoire d\u2019astronomie de Londres (Angleterre) au 19\u00e9me si\u00e8cle, d\u2019affirmer [&hellip;]<\/p>\n","protected":false},"author":1,"featured_media":0,"parent":0,"menu_order":0,"comment_status":"closed","ping_status":"closed","template":"","meta":{"om_disable_all_campaigns":false,"_monsterinsights_skip_tracking":false,"_monsterinsights_sitenote_active":false,"_monsterinsights_sitenote_note":"","_monsterinsights_sitenote_category":0,"footnotes":""},"class_list":["post-128","page","type-page","status-publish","hentry"],"aioseo_notices":[],"_links":{"self":[{"href":"https:\/\/ceofrance-international.com\/index.php\/wp-json\/wp\/v2\/pages\/128","targetHints":{"allow":["GET"]}}],"collection":[{"href":"https:\/\/ceofrance-international.com\/index.php\/wp-json\/wp\/v2\/pages"}],"about":[{"href":"https:\/\/ceofrance-international.com\/index.php\/wp-json\/wp\/v2\/types\/page"}],"author":[{"embeddable":true,"href":"https:\/\/ceofrance-international.com\/index.php\/wp-json\/wp\/v2\/users\/1"}],"replies":[{"embeddable":true,"href":"https:\/\/ceofrance-international.com\/index.php\/wp-json\/wp\/v2\/comments?post=128"}],"version-history":[{"count":23,"href":"https:\/\/ceofrance-international.com\/index.php\/wp-json\/wp\/v2\/pages\/128\/revisions"}],"predecessor-version":[{"id":1063,"href":"https:\/\/ceofrance-international.com\/index.php\/wp-json\/wp\/v2\/pages\/128\/revisions\/1063"}],"wp:attachment":[{"href":"https:\/\/ceofrance-international.com\/index.php\/wp-json\/wp\/v2\/media?parent=128"}],"curies":[{"name":"wp","href":"https:\/\/api.w.org\/{rel}","templated":true}]}}